{"id":5338,"date":"2024-06-05T15:48:52","date_gmt":"2024-06-05T13:48:52","guid":{"rendered":"https:\/\/saltvikscamping.se\/ferienhaeuser\/"},"modified":"2024-06-05T15:48:53","modified_gmt":"2024-06-05T13:48:53","slug":"ferienhaeuser","status":"publish","type":"page","link":"https:\/\/saltvikscamping.se\/de\/unterkuenfte\/ferienhaeuser\/","title":{"rendered":"Ferienhaeuser"},"content":{"rendered":"<div class=\"wpb-content-wrapper\">[vc_row row_height_percent=&#8220;0&#8243; back_color=&#8220;color-gradient&#8220; back_image=&#8220;1370&#8243; back_position=&#8220;center center&#8220; parallax=&#8220;yes&#8220; overlay_alpha=&#8220;50&#8243; gutter_size=&#8220;3&#8243; column_width_percent=&#8220;100&#8243; shift_y=&#8220;0&#8243; z_index=&#8220;0&#8243; row_height_pixel=&#8220;190&#8243;][vc_column width=&#8220;1\/1&#8243;][\/vc_column][\/vc_row][vc_row row_height_percent=&#8220;0&#8243; override_padding=&#8220;yes&#8220; h_padding=&#8220;2&#8243; top_padding=&#8220;5&#8243; bottom_padding=&#8220;5&#8243; overlay_alpha=&#8220;50&#8243; gutter_size=&#8220;3&#8243; column_width_percent=&#8220;100&#8243; shift_y=&#8220;0&#8243; z_index=&#8220;0&#8243;][vc_column column_width_percent=&#8220;70&#8243; align_horizontal=&#8220;align_center&#8220; gutter_size=&#8220;3&#8243; overlay_alpha=&#8220;50&#8243; shift_x=&#8220;0&#8243; shift_y=&#8220;0&#8243; shift_y_down=&#8220;0&#8243; z_index=&#8220;0&#8243; medium_width=&#8220;0&#8243; align_mobile=&#8220;align_center_mobile&#8220; mobile_width=&#8220;0&#8243; width=&#8220;1\/1&#8243;][vc_custom_heading text_color=&#8220;color-gradient&#8220; heading_semantic=&#8220;h1&#8243; el_class=&#8220;heading-margin&#8220; uncode_shortcode_id=&#8220;215417&#8243; text_color_type=&#8220;uncode-palette&#8220;]Mieten Sie eine H\u00fctte auf dem Saltviks Camping<br \/>\n\u2013 buchbar zu allen Jahreszeiten[\/vc_custom_heading][vc_column_text css=&#8220;.vc_custom_1702453986821{margin-top: 16px !important;}&#8220; uncode_shortcode_id=&#8220;102173&#8243;]M\u00f6chten Sie Urlaub auf einem Campingplatz machen und gleichzeitig nicht auf Annehmlichkeiten wie eigenes WC, Dusche und K\u00fcche verzichten? Dann ist eines unserer Ferienh\u00e4user genau das Richtige f\u00fcr Sie!<br \/>\nAuf unserem Campingplatz in Grebbestad verteilen sich 22 Ferienh\u00e4user, die alles bieten, was Sie f\u00fcr einen unbeschwerten Urlaub brauchen. Sie sind 32 Quadratmeter gro\u00df und verf\u00fcgen \u00fcber zwei kleine Schlafzimmer mit jeweils einem Etagenbett. Sie haben einen offenen Grundriss, ein Schlafsofa im Wohnzimmer und einen Esstisch mit vier St\u00fchlen. Mit dem Ferienhaus bekommen Sie Ihr eigenes Badezimmer, eine m\u00f6blierte Veranda und ein TV-Ger\u00e4t mit installierter Netflix-App (Sie ben\u00f6tigen Ihr eigenes Konto). Die K\u00fcche ist mit K\u00fchlschrank, Gefrierfach, Herd, Kaffeemaschine und Wasserkocher sowie mit Geschirr usw. ausgestattet.<br \/>\n[\/vc_column_text][vc_empty_space empty_h=&#8220;1&#8243;][vc_button button_color=&#8220;accent&#8220; radius=&#8220;btn-round&#8220; hover_fx=&#8220;outlined&#8220; outline=&#8220;yes&#8220; border_width=&#8220;0&#8243; display=&#8220;inline&#8220; top_margin=&#8220;yes&#8220; link=&#8220;url:%23|&#8220; media_lightbox=&#8220;1425&#8243;]PLAN DER ANLAGE[\/vc_button][vc_button button_color=&#8220;color-gradient&#8220; radius=&#8220;btn-round&#8220; border_width=&#8220;0&#8243; display=&#8220;inline&#8220; top_margin=&#8220;yes&#8220; link=&#8220;url:https%3A%2F%2Fbokning4.paxess.se%2FSaltvik2|title:JETZT%20BUCHEN|&#8220; button_color_type=&#8220;uncode-palette&#8220; uncode_shortcode_id=&#8220;125642&#8243;]JETZT BUCHEN[\/vc_button][\/vc_column][\/vc_row][vc_row unlock_row_content=&#8220;yes&#8220; row_height_percent=&#8220;0&#8243; override_padding=&#8220;yes&#8220; h_padding=&#8220;0&#8243; top_padding=&#8220;0&#8243; bottom_padding=&#8220;0&#8243; overlay_alpha=&#8220;50&#8243; equal_height=&#8220;yes&#8220; gutter_size=&#8220;0&#8243; column_width_percent=&#8220;100&#8243; shift_y=&#8220;0&#8243; z_index=&#8220;0&#8243; row_height_pixel=&#8220;450&#8243;][vc_column column_width_percent=&#8220;100&#8243; gutter_size=&#8220;3&#8243; back_color=&#8220;color-f5f5f5&#8243; back_image=&#8220;488&#8243; back_position=&#8220;center top&#8220; overlay_alpha=&#8220;50&#8243; shift_x=&#8220;0&#8243; shift_y=&#8220;0&#8243; shift_y_down=&#8220;0&#8243; z_index=&#8220;0&#8243; medium_width=&#8220;0&#8243; mobile_width=&#8220;0&#8243; width=&#8220;1\/2&#8243; mobile_height=&#8220;340&#8243;][\/vc_column][vc_column column_width_percent=&#8220;100&#8243; gutter_size=&#8220;3&#8243; override_padding=&#8220;yes&#8220; column_padding=&#8220;5&#8243; overlay_alpha=&#8220;50&#8243; shift_x=&#8220;0&#8243; shift_y=&#8220;0&#8243; shift_y_down=&#8220;0&#8243; z_index=&#8220;0&#8243; medium_width=&#8220;0&#8243; mobile_width=&#8220;0&#8243; width=&#8220;1\/2&#8243;][vc_custom_heading text_color=&#8220;color-gradient&#8220; text_size=&#8220;h3&#8243; uncode_shortcode_id=&#8220;440725&#8243; text_color_type=&#8220;uncode-palette&#8220;]Wissenswertes[\/vc_custom_heading][vc_column_text text_lead=&#8220;yes&#8220; css=&#8220;.vc_custom_1702454069219{margin-top: 16px !important;}&#8220; uncode_shortcode_id=&#8220;130518&#8243;]\n<ul>\n<li>Wenn Sie Ihren Hund mit in den Urlaub nehmen m\u00f6chten, vergewissern Sie sich bitte, dass Hunde in dem Ferienhaus erlaubt sind, das Sie buchen m\u00f6chten. Hunde sind in allen Ferienh\u00e4usern erlaubt, ausgenommen 1, 3, 6, 9, 13 und 18.<\/li>\n<li>Das Einchecken in Ihrem Ferienhaus ist am Ankunftstag ab 15 Uhr m\u00f6glich.<\/li>\n<li>Bitte reinigen Sie das Ferienhaus am Abreisetag und verlassen Sie es bis sp\u00e4testens 11 Uhr.<\/li>\n<li>In den KW 28 bis 31 betr\u00e4gt die Mindestmietdauer zwei N\u00e4chte.<\/li>\n<\/ul>\n[\/vc_column_text][vc_row_inner row_inner_height_percent=&#8220;0&#8243; overlay_alpha=&#8220;50&#8243; gutter_size=&#8220;3&#8243; shift_y=&#8220;0&#8243; z_index=&#8220;0&#8243; medium_visibility=&#8220;yes&#8220; mobile_visibility=&#8220;yes&#8220; limit_content=&#8220;&#8220;][vc_column_inner column_width_percent=&#8220;100&#8243; gutter_size=&#8220;0&#8243; overlay_alpha=&#8220;50&#8243; shift_x=&#8220;0&#8243; shift_y=&#8220;0&#8243; shift_y_down=&#8220;0&#8243; z_index=&#8220;0&#8243; medium_width=&#8220;0&#8243; mobile_width=&#8220;0&#8243; width=&#8220;1\/3&#8243; css=&#8220;.vc_custom_1591880410317{padding-top: 0px !important;padding-bottom: 0px !important;}&#8220; el_class=&#8220;column-margin-fix&#8220;][uncode_list icon=&#8220;fa fa-check&#8220; icon_color=&#8220;accent&#8220; uncode_shortcode_id=&#8220;190020&#8243; icon_color_type=&#8220;uncode-palette&#8220;]\n<ul>\n<li>4+2 Betten<\/li>\n<li>Dusche<\/li>\n<li>WC<\/li>\n<li>K\u00fchlschrank<\/li>\n<li>Gefrierfach<\/li>\n<\/ul>\n[\/uncode_list][\/vc_column_inner][vc_column_inner column_width_percent=&#8220;100&#8243; gutter_size=&#8220;0&#8243; override_padding=&#8220;yes&#8220; column_padding=&#8220;0&#8243; overlay_alpha=&#8220;50&#8243; shift_x=&#8220;0&#8243; shift_y=&#8220;0&#8243; shift_y_down=&#8220;0&#8243; z_index=&#8220;0&#8243; medium_width=&#8220;0&#8243; mobile_width=&#8220;0&#8243; width=&#8220;1\/3&#8243; css=&#8220;.vc_custom_1591880630065{padding-top: 0px !important;padding-bottom: 0px !important;}&#8220; el_class=&#8220;column-margin-fix&#8220;][uncode_list icon=&#8220;fa fa-check&#8220; icon_color=&#8220;accent&#8220; uncode_shortcode_id=&#8220;203481&#8243; icon_color_type=&#8220;uncode-palette&#8220;]\n<ul>\n<li>Herd<\/li>\n<li>Geschirr<\/li>\n<li>Besteck<\/li>\n<li>Wasserkocher<\/li>\n<li>TV-Ger\u00e4t<\/li>\n<\/ul>\n[\/uncode_list][\/vc_column_inner][vc_column_inner column_width_percent=&#8220;100&#8243; gutter_size=&#8220;0&#8243; overlay_alpha=&#8220;50&#8243; shift_x=&#8220;0&#8243; shift_y=&#8220;0&#8243; shift_y_down=&#8220;0&#8243; z_index=&#8220;0&#8243; medium_width=&#8220;0&#8243; mobile_width=&#8220;0&#8243; width=&#8220;1\/3&#8243; css=&#8220;.vc_custom_1591880723212{padding-top: 0px !important;padding-bottom: 0px !important;}&#8220; el_class=&#8220;column-margin-fix&#8220;][uncode_list icon=&#8220;fa fa-check&#8220; icon_color=&#8220;accent&#8220; uncode_shortcode_id=&#8220;134173&#8243; icon_color_type=&#8220;uncode-palette&#8220;]\n<ul>\n<li>Bettdecken und Kissen<\/li>\n<li>Terrassenm\u00f6bel<\/li>\n<li>Kaffeemaschine<\/li>\n<li>WLAN<\/li>\n<\/ul>\n[\/uncode_list][\/vc_column_inner][\/vc_row_inner][vc_row_inner row_inner_height_percent=&#8220;0&#8243; overlay_alpha=&#8220;50&#8243; gutter_size=&#8220;3&#8243; shift_y=&#8220;0&#8243; z_index=&#8220;0&#8243; desktop_visibility=&#8220;yes&#8220; mobile_visibility=&#8220;yes&#8220; limit_content=&#8220;&#8220;][vc_column_inner column_width_percent=&#8220;100&#8243; gutter_size=&#8220;0&#8243; overlay_alpha=&#8220;50&#8243; shift_x=&#8220;0&#8243; shift_y=&#8220;0&#8243; shift_y_down=&#8220;0&#8243; z_index=&#8220;0&#8243; medium_width=&#8220;4&#8243; mobile_width=&#8220;0&#8243; width=&#8220;1\/2&#8243; css=&#8220;.vc_custom_1591881221167{padding-top: 0px !important;padding-bottom: 0px !important;}&#8220; el_class=&#8220;column-margin-fix&#8220;][uncode_list icon=&#8220;fa fa-check&#8220; icon_color=&#8220;accent&#8220;]\n<ul>\n<li>4+2 Betten<\/li>\n<li>Dusche<\/li>\n<li>WC<\/li>\n<li>K\u00fchlschrank<\/li>\n<li>Gefrierfach<\/li>\n<\/ul>\n[\/uncode_list][\/vc_column_inner][vc_column_inner column_width_percent=&#8220;100&#8243; gutter_size=&#8220;3&#8243; overlay_alpha=&#8220;50&#8243; shift_x=&#8220;0&#8243; shift_y=&#8220;0&#8243; shift_y_down=&#8220;0&#8243; z_index=&#8220;0&#8243; medium_width=&#8220;4&#8243; mobile_width=&#8220;0&#8243; width=&#8220;1\/2&#8243;][uncode_list icon=&#8220;fa fa-check&#8220; icon_color=&#8220;accent&#8220;]\n<ul>\n<li>Besteck<\/li>\n<li>Wasserkocher<\/li>\n<li>TV-Ger\u00e4t<\/li>\n<li>Bettdecken und Kissen<\/li>\n<li>Terrassenm\u00f6bel<\/li>\n<\/ul>\n[\/uncode_list][\/vc_column_inner][\/vc_row_inner][vc_row_inner row_inner_height_percent=&#8220;0&#8243; overlay_alpha=&#8220;50&#8243; gutter_size=&#8220;3&#8243; shift_y=&#8220;0&#8243; z_index=&#8220;0&#8243; desktop_visibility=&#8220;yes&#8220; medium_visibility=&#8220;yes&#8220; limit_content=&#8220;&#8220;][vc_column_inner column_width_percent=&#8220;100&#8243; gutter_size=&#8220;0&#8243; overlay_alpha=&#8220;50&#8243; shift_x=&#8220;0&#8243; shift_y=&#8220;0&#8243; shift_y_down=&#8220;0&#8243; z_index=&#8220;0&#8243; medium_width=&#8220;0&#8243; mobile_width=&#8220;0&#8243; width=&#8220;1\/1&#8243; css=&#8220;.vc_custom_1591880410317{padding-top: 0px !important;padding-bottom: 0px !important;}&#8220; el_class=&#8220;column-margin-fix&#8220;][uncode_list icon=&#8220;fa fa-check&#8220; icon_color=&#8220;accent&#8220;]\n<ul>\n<li>4+2 Betten<\/li>\n<li>Dusche<\/li>\n<li>WC<\/li>\n<li>K\u00fchlschrank<\/li>\n<li>Gefrierfach<\/li>\n<\/ul>\n[\/uncode_list][\/vc_column_inner][\/vc_row_inner][\/vc_column][\/vc_row][vc_row unlock_row_content=&#8220;yes&#8220; row_height_percent=&#8220;0&#8243; override_padding=&#8220;yes&#8220; h_padding=&#8220;0&#8243; top_padding=&#8220;0&#8243; bottom_padding=&#8220;0&#8243; overlay_alpha=&#8220;100&#8243; gutter_size=&#8220;100&#8243; column_width_percent=&#8220;100&#8243; shift_y=&#8220;0&#8243; z_index=&#8220;0&#8243; style=&#8220;inherited&#8220;][vc_column column_width_percent=&#8220;100&#8243; align_horizontal=&#8220;align_center&#8220; gutter_size=&#8220;3&#8243; overlay_alpha=&#8220;50&#8243; shift_x=&#8220;0&#8243; shift_y=&#8220;0&#8243; medium_width=&#8220;0&#8243; zoom_width=&#8220;0&#8243; zoom_height=&#8220;0&#8243; width=&#8220;1\/1&#8243;][vc_gallery el_id=&#8220;gallery-958453445&#8243; type=&#8220;carousel&#8220; medias=&#8220;493,490,489&#8243; carousel_lg=&#8220;3&#8243; carousel_md=&#8220;3&#8243; carousel_sm=&#8220;1&#8243; thumb_size=&#8220;four-three&#8220; gutter_size=&#8220;1&#8243; media_items=&#8220;media|lightbox|original&#8220; carousel_interval=&#8220;3000&#8243; carousel_navspeed=&#8220;400&#8243; carousel_dots=&#8220;yes&#8220; carousel_dots_mobile=&#8220;yes&#8220; carousel_dots_inside=&#8220;yes&#8220; carousel_dot_padding=&#8220;2&#8243; stage_padding=&#8220;0&#8243; single_overlay_opacity=&#8220;50&#8243; single_text_anim_type=&#8220;btt&#8220; single_h_align=&#8220;center&#8220; single_padding=&#8220;2&#8243; single_icon=&#8220;fa fa-search3&#8243; single_border=&#8220;yes&#8220; single_css_animation=&#8220;bottom-t-top&#8220; single_animation_delay=&#8220;200&#8243; lbox_caption=&#8220;yes&#8220; no_double_tap=&#8220;yes&#8220; carousel_rtl=&#8220;&#8220; single_title_uppercase=&#8220;&#8220; single_title_bold=&#8220;&#8220; single_title_serif=&#8220;&#8220; onclick=&#8220;link_image&#8220; custom_links_target=&#8220;_self&#8220; items=&#8220;eyI4ODY4X2kiOnsic2luZ2xlX3dpZHRoIjoiNCIsInNpbmdsZV9oZWlnaHQiOiI0In0sIjg4NjJfaSI6eyJzaW5nbGVfd2lkdGgiOiI0Iiwic2luZ2xlX2hlaWdodCI6IjQifSwiODg2MF9pIjp7InNpbmdsZV93aWR0aCI6IjQifX0=&#8220; single_half_padding=&#8220;&#8220; single_no_background=&#8220;&#8220;][\/vc_column][\/vc_row]\n<\/div>","protected":false},"excerpt":{"rendered":"<p>[vc_row row_height_percent=&#8220;0&#8243; back_color=&#8220;color-gradient&#8220; back_image=&#8220;1370&#8243; back_position=&#8220;center center&#8220; parallax=&#8220;yes&#8220; overlay_alpha=&#8220;50&#8243; gutter_size=&#8220;3&#8243; column_width_percent=&#8220;100&#8243; shift_y=&#8220;0&#8243; z_index=&#8220;0&#8243; row_height_pixel=&#8220;190&#8243;][vc_column width=&#8220;1\/1&#8243;][\/vc_column][\/vc_row][vc_row row_height_percent=&#8220;0&#8243; override_padding=&#8220;yes&#8220; h_padding=&#8220;2&#8243; top_padding=&#8220;5&#8243; bottom_padding=&#8220;5&#8243; overlay_alpha=&#8220;50&#8243; [&hellip;]<\/p>\n","protected":false},"author":1,"featured_media":0,"parent":5349,"menu_order":0,"comment_status":"closed","ping_status":"closed","template":"","meta":{"_monsterinsights_skip_tracking":false,"_monsterinsights_sitenote_active":false,"_monsterinsights_sitenote_note":"","_monsterinsights_sitenote_category":0,"footnotes":""},"class_list":["post-5338","page","type-page","status-publish","hentry"],"yoast_head":"<!-- This site is optimized with the Yoast SEO plugin v26.8 - https:\/\/yoast.com\/product\/yoast-seo-wordpress\/ -->\n<title>Ferienhaeuser - Saltviks Camping<\/title>\n<meta name=\"robots\" content=\"index, follow, max-snippet:-1, max-image-preview:large, max-video-preview:-1\" \/>\n<link rel=\"canonical\" href=\"https:\/\/saltvikscamping.se\/de\/unterkuenfte\/ferienhaeuser\/\" \/>\n<meta property=\"og:locale\" content=\"de_DE\" \/>\n<meta property=\"og:type\" content=\"article\" \/>\n<meta property=\"og:title\" content=\"Ferienhaeuser - Saltviks Camping\" \/>\n<meta property=\"og:description\" content=\"[vc_row row_height_percent=&#8220;0&#8243; back_color=&#8220;color-gradient&#8220; back_image=&#8220;1370&#8243; back_position=&#8220;center center&#8220; parallax=&#8220;yes&#8220; overlay_alpha=&#8220;50&#8243; gutter_size=&#8220;3&#8243; column_width_percent=&#8220;100&#8243; shift_y=&#8220;0&#8243; z_index=&#8220;0&#8243; row_height_pixel=&#8220;190&#8243;][vc_column width=&#8220;1\/1&#8243;][\/vc_column][\/vc_row][vc_row row_height_percent=&#8220;0&#8243; override_padding=&#8220;yes&#8220; h_padding=&#8220;2&#8243; top_padding=&#8220;5&#8243; bottom_padding=&#8220;5&#8243; overlay_alpha=&#8220;50&#8243; [&hellip;]\" \/>\n<meta property=\"og:url\" content=\"https:\/\/saltvikscamping.se\/de\/unterkuenfte\/ferienhaeuser\/\" \/>\n<meta property=\"og:site_name\" content=\"Saltviks Camping\" \/>\n<meta property=\"article:publisher\" content=\"https:\/\/www.facebook.com\/Saltviks-Camping-143837085679368\/\" \/>\n<meta property=\"article:modified_time\" content=\"2024-06-05T13:48:53+00:00\" \/>\n<meta name=\"twitter:card\" content=\"summary_large_image\" \/>\n<meta name=\"twitter:label1\" content=\"Gesch\u00e4tzte Lesezeit\" \/>\n\t<meta name=\"twitter:data1\" content=\"6\u00a0Minuten\" \/>\n<script type=\"application\/ld+json\" class=\"yoast-schema-graph\">{\"@context\":\"https:\/\/schema.org\",\"@graph\":[{\"@type\":\"WebPage\",\"@id\":\"https:\/\/saltvikscamping.se\/de\/unterkuenfte\/ferienhaeuser\/\",\"url\":\"https:\/\/saltvikscamping.se\/de\/unterkuenfte\/ferienhaeuser\/\",\"name\":\"Ferienhaeuser - Saltviks Camping\",\"isPartOf\":{\"@id\":\"https:\/\/saltvikscamping.se\/de\/#website\"},\"datePublished\":\"2024-06-05T13:48:52+00:00\",\"dateModified\":\"2024-06-05T13:48:53+00:00\",\"breadcrumb\":{\"@id\":\"https:\/\/saltvikscamping.se\/de\/unterkuenfte\/ferienhaeuser\/#breadcrumb\"},\"inLanguage\":\"de\",\"potentialAction\":[{\"@type\":\"ReadAction\",\"target\":[\"https:\/\/saltvikscamping.se\/de\/unterkuenfte\/ferienhaeuser\/\"]}]},{\"@type\":\"BreadcrumbList\",\"@id\":\"https:\/\/saltvikscamping.se\/de\/unterkuenfte\/ferienhaeuser\/#breadcrumb\",\"itemListElement\":[{\"@type\":\"ListItem\",\"position\":1,\"name\":\"Hem\",\"item\":\"https:\/\/saltvikscamping.se\/de\/\"},{\"@type\":\"ListItem\",\"position\":2,\"name\":\"Ferienhaeuser\"}]},{\"@type\":\"WebSite\",\"@id\":\"https:\/\/saltvikscamping.se\/de\/#website\",\"url\":\"https:\/\/saltvikscamping.se\/de\/\",\"name\":\"Saltviks Camping\",\"description\":\"Camping och stugor - Grebbestad, Bohusl\u00e4n\",\"publisher\":{\"@id\":\"https:\/\/saltvikscamping.se\/de\/#organization\"},\"potentialAction\":[{\"@type\":\"SearchAction\",\"target\":{\"@type\":\"EntryPoint\",\"urlTemplate\":\"https:\/\/saltvikscamping.se\/de\/?s={search_term_string}\"},\"query-input\":{\"@type\":\"PropertyValueSpecification\",\"valueRequired\":true,\"valueName\":\"search_term_string\"}}],\"inLanguage\":\"de\"},{\"@type\":\"Organization\",\"@id\":\"https:\/\/saltvikscamping.se\/de\/#organization\",\"name\":\"Saltviks Camping\",\"url\":\"https:\/\/saltvikscamping.se\/de\/\",\"logo\":{\"@type\":\"ImageObject\",\"inLanguage\":\"de\",\"@id\":\"https:\/\/saltvikscamping.se\/de\/#\/schema\/logo\/image\/\",\"url\":\"https:\/\/saltvikscamping.se\/wp-content\/uploads\/2020\/05\/SALTVIKS_black.svg\",\"contentUrl\":\"https:\/\/saltvikscamping.se\/wp-content\/uploads\/2020\/05\/SALTVIKS_black.svg\",\"width\":\"1\",\"height\":\"1\",\"caption\":\"Saltviks Camping\"},\"image\":{\"@id\":\"https:\/\/saltvikscamping.se\/de\/#\/schema\/logo\/image\/\"},\"sameAs\":[\"https:\/\/www.facebook.com\/Saltviks-Camping-143837085679368\/\",\"https:\/\/www.instagram.com\/saltvikscamping\/\"]}]}<\/script>\n<!-- \/ Yoast SEO plugin. -->","yoast_head_json":{"title":"Ferienhaeuser - Saltviks Camping","robots":{"index":"index","follow":"follow","max-snippet":"max-snippet:-1","max-image-preview":"max-image-preview:large","max-video-preview":"max-video-preview:-1"},"canonical":"https:\/\/saltvikscamping.se\/de\/unterkuenfte\/ferienhaeuser\/","og_locale":"de_DE","og_type":"article","og_title":"Ferienhaeuser - Saltviks Camping","og_description":"[vc_row row_height_percent=&#8220;0&#8243; back_color=&#8220;color-gradient&#8220; back_image=&#8220;1370&#8243; back_position=&#8220;center center&#8220; parallax=&#8220;yes&#8220; overlay_alpha=&#8220;50&#8243; gutter_size=&#8220;3&#8243; column_width_percent=&#8220;100&#8243; shift_y=&#8220;0&#8243; z_index=&#8220;0&#8243; row_height_pixel=&#8220;190&#8243;][vc_column width=&#8220;1\/1&#8243;][\/vc_column][\/vc_row][vc_row row_height_percent=&#8220;0&#8243; override_padding=&#8220;yes&#8220; h_padding=&#8220;2&#8243; top_padding=&#8220;5&#8243; bottom_padding=&#8220;5&#8243; overlay_alpha=&#8220;50&#8243; [&hellip;]","og_url":"https:\/\/saltvikscamping.se\/de\/unterkuenfte\/ferienhaeuser\/","og_site_name":"Saltviks Camping","article_publisher":"https:\/\/www.facebook.com\/Saltviks-Camping-143837085679368\/","article_modified_time":"2024-06-05T13:48:53+00:00","twitter_card":"summary_large_image","twitter_misc":{"Gesch\u00e4tzte Lesezeit":"6\u00a0Minuten"},"schema":{"@context":"https:\/\/schema.org","@graph":[{"@type":"WebPage","@id":"https:\/\/saltvikscamping.se\/de\/unterkuenfte\/ferienhaeuser\/","url":"https:\/\/saltvikscamping.se\/de\/unterkuenfte\/ferienhaeuser\/","name":"Ferienhaeuser - Saltviks Camping","isPartOf":{"@id":"https:\/\/saltvikscamping.se\/de\/#website"},"datePublished":"2024-06-05T13:48:52+00:00","dateModified":"2024-06-05T13:48:53+00:00","breadcrumb":{"@id":"https:\/\/saltvikscamping.se\/de\/unterkuenfte\/ferienhaeuser\/#breadcrumb"},"inLanguage":"de","potentialAction":[{"@type":"ReadAction","target":["https:\/\/saltvikscamping.se\/de\/unterkuenfte\/ferienhaeuser\/"]}]},{"@type":"BreadcrumbList","@id":"https:\/\/saltvikscamping.se\/de\/unterkuenfte\/ferienhaeuser\/#breadcrumb","itemListElement":[{"@type":"ListItem","position":1,"name":"Hem","item":"https:\/\/saltvikscamping.se\/de\/"},{"@type":"ListItem","position":2,"name":"Ferienhaeuser"}]},{"@type":"WebSite","@id":"https:\/\/saltvikscamping.se\/de\/#website","url":"https:\/\/saltvikscamping.se\/de\/","name":"Saltviks Camping","description":"Camping och stugor - Grebbestad, Bohusl\u00e4n","publisher":{"@id":"https:\/\/saltvikscamping.se\/de\/#organization"},"potentialAction":[{"@type":"SearchAction","target":{"@type":"EntryPoint","urlTemplate":"https:\/\/saltvikscamping.se\/de\/?s={search_term_string}"},"query-input":{"@type":"PropertyValueSpecification","valueRequired":true,"valueName":"search_term_string"}}],"inLanguage":"de"},{"@type":"Organization","@id":"https:\/\/saltvikscamping.se\/de\/#organization","name":"Saltviks Camping","url":"https:\/\/saltvikscamping.se\/de\/","logo":{"@type":"ImageObject","inLanguage":"de","@id":"https:\/\/saltvikscamping.se\/de\/#\/schema\/logo\/image\/","url":"https:\/\/saltvikscamping.se\/wp-content\/uploads\/2020\/05\/SALTVIKS_black.svg","contentUrl":"https:\/\/saltvikscamping.se\/wp-content\/uploads\/2020\/05\/SALTVIKS_black.svg","width":"1","height":"1","caption":"Saltviks Camping"},"image":{"@id":"https:\/\/saltvikscamping.se\/de\/#\/schema\/logo\/image\/"},"sameAs":["https:\/\/www.facebook.com\/Saltviks-Camping-143837085679368\/","https:\/\/www.instagram.com\/saltvikscamping\/"]}]}},"_links":{"self":[{"href":"https:\/\/saltvikscamping.se\/de\/wp-json\/wp\/v2\/pages\/5338","targetHints":{"allow":["GET"]}}],"collection":[{"href":"https:\/\/saltvikscamping.se\/de\/wp-json\/wp\/v2\/pages"}],"about":[{"href":"https:\/\/saltvikscamping.se\/de\/wp-json\/wp\/v2\/types\/page"}],"author":[{"embeddable":true,"href":"https:\/\/saltvikscamping.se\/de\/wp-json\/wp\/v2\/users\/1"}],"replies":[{"embeddable":true,"href":"https:\/\/saltvikscamping.se\/de\/wp-json\/wp\/v2\/comments?post=5338"}],"version-history":[{"count":2,"href":"https:\/\/saltvikscamping.se\/de\/wp-json\/wp\/v2\/pages\/5338\/revisions"}],"predecessor-version":[{"id":5340,"href":"https:\/\/saltvikscamping.se\/de\/wp-json\/wp\/v2\/pages\/5338\/revisions\/5340"}],"up":[{"embeddable":true,"href":"https:\/\/saltvikscamping.se\/de\/wp-json\/wp\/v2\/pages\/5349"}],"wp:attachment":[{"href":"https:\/\/saltvikscamping.se\/de\/wp-json\/wp\/v2\/media?parent=5338"}],"curies":[{"name":"wp","href":"https:\/\/api.w.org\/{rel}","templated":true}]}}